{"id":3,"date":"2024-12-16T08:11:38","date_gmt":"2024-12-16T08:11:38","guid":{"rendered":"http:\/\/www.ristrutturazionicarbonibrescia.it\/?page_id=3"},"modified":"2025-02-25T10:16:01","modified_gmt":"2025-02-25T10:16:01","slug":"privacy-policy","status":"publish","type":"page","link":"https:\/\/www.ristrutturazionicarbonibrescia.it\/?page_id=3","title":{"rendered":"Privacy Policy"},"content":{"rendered":"\t\t<div data-elementor-type=\"wp-page\" data-elementor-id=\"3\" class=\"elementor elementor-3\" data-elementor-post-type=\"page\">\n\t\t\t\t\t\t<section class=\"elementor-section elementor-top-section elementor-element elementor-element-99fea04 elementor-section-boxed elementor-section-height-default elementor-section-height-default\" data-id=\"99fea04\" data-element_type=\"section\" data-e-type=\"section\">\n\t\t\t\t\t\t<div class=\"elementor-container elementor-column-gap-default\">\n\t\t\t\t\t<div class=\"elementor-column elementor-col-100 elementor-top-column elementor-element elementor-element-76ae776\" data-id=\"76ae776\" data-element_type=\"column\" data-e-type=\"column\" id=\"sopra\">\n\t\t\t<div class=\"elementor-widget-wrap elementor-element-populated\">\n\t\t\t\t\t\t<div class=\"elementor-element elementor-element-6d1e5b0 elementor-align-left elementor-widget elementor-widget-button\" data-id=\"6d1e5b0\" data-element_type=\"widget\" data-e-type=\"widget\" data-widget_type=\"button.default\">\n\t\t\t\t\t\t\t\t\t\t<a class=\"elementor-button elementor-button-link elementor-size-md\" href=\"https:\/\/www.ristrutturazionicarbonibrescia.it\/\">\n\t\t\t\t\t\t<span class=\"elementor-button-content-wrapper\">\n\t\t\t\t\t\t\t\t\t<span class=\"elementor-button-text\">TORNA AL SITO<\/span>\n\t\t\t\t\t<\/span>\n\t\t\t\t\t<\/a>\n\t\t\t\t\t\t\t\t<\/div>\n\t\t\t\t<div class=\"elementor-element elementor-element-878f7b3 elementor-widget elementor-widget-heading\" data-id=\"878f7b3\" data-element_type=\"widget\" data-e-type=\"widget\" data-widget_type=\"heading.default\">\n\t\t\t\t\t<h1 class=\"elementor-heading-title elementor-size-default\">Privacy Policy<\/h1>\t\t\t\t<\/div>\n\t\t\t\t<div class=\"elementor-element elementor-element-c0f10e5 elementor-widget elementor-widget-text-editor\" data-id=\"c0f10e5\" data-element_type=\"widget\" data-e-type=\"widget\" data-widget_type=\"text-editor.default\">\n\t\t\t\t\t\t\t\t\t<p><\/p>\n<p>Questo Sito Web raccoglie alcuni Dati Personali dei propri Utenti.<\/p>\n<p><\/p>\n<p><\/p>\n<p>Il presente sito web \u00e8 stato realizzato per il terapista in oggetto ed il materiale pubblicato \u00e8 stato confermato prima della messa online dell\u2019opera.<\/p>\n<p><\/p>\n<p><\/p>\n<h3 class=\"wp-block-heading\"><strong>Tipologie di Dati raccolti<\/strong><\/h3>\n<p><\/p>\n<p><\/p>\n<p>Fra i Dati Personali raccolti da questo Sito Web, in modo autonomo o tramite terze parti, ci sono: nome; cognome; email; numero di telefono; professione; Dati di utilizzo; nome; Strumenti di Tracciamento; Voci di calendario; varie tipologie di Dati.<\/p>\n<p><\/p>\n<p><\/p>\n<p>Dettagli completi su ciascuna tipologia di dati raccolti sono forniti nelle sezioni dedicate di questa privacy policy o mediante specifici testi informativi visualizzati prima della raccolta dei dati stessi.<\/p>\n<p><\/p>\n<p><\/p>\n<p>I Dati Personali possono essere liberamente forniti dall\u2019Utente o, nel caso di Dati di Utilizzo, raccolti automaticamente durante l\u2019uso di questo Sito Web.<\/p>\n<p><\/p>\n<p><\/p>\n<p>Se non diversamente specificato, tutti i Dati richiesti da questo Sito Web sono obbligatori. Se l\u2019Utente rifiuta di comunicarli, potrebbe essere impossibile per questo Sito Web fornire il Servizio. Nei casi in cui questo Sito Web indichi alcuni Dati come facoltativi, gli Utenti sono liberi di astenersi dal comunicare tali Dati, senza che ci\u00f2 abbia alcuna conseguenza sulla disponibilit\u00e0 del Servizio o sulla sua operativit\u00e0.<\/p>\n<p><\/p>\n<p><\/p>\n<p>Gli Utenti che dovessero avere dubbi su quali Dati siano obbligatori, sono incoraggiati a contattare il Titolare.<\/p>\n<p><\/p>\n<p><\/p>\n<p>L\u2019eventuale utilizzo di Cookie \u2013 o di altri strumenti di tracciamento \u2013 da parte di questo Sito Web o dei titolari dei servizi terzi utilizzati da questo Sito Web, ove non diversamente precisato, ha la finalit\u00e0 di fornire il Servizio richiesto dall\u2019Utente, oltre alle ulteriori finalit\u00e0 descritte nel presente documento e nella Cookie Policy, se disponibile.<\/p>\n<p><\/p>\n<p><\/p>\n<p>L\u2019Utente si assume la responsabilit\u00e0 dei Dati Personali di terzi ottenuti, pubblicati o condivisi mediante questo Sito Web e garantisce di avere il diritto di comunicarli o diffonderli, liberando il Titolare da qualsiasi responsabilit\u00e0 verso terzi.<\/p>\n<p><\/p>\n<p><\/p>\n<h3 class=\"wp-block-heading\"><strong>Modalit\u00e0 e luogo del trattamento dei Dati raccolti<\/strong><\/h3>\n<p><\/p>\n<p><\/p>\n<p>Modalit\u00e0 di trattamento<\/p>\n<p><\/p>\n<p><\/p>\n<p>Il Titolare adotta le opportune misure di sicurezza volte ad impedire l\u2019accesso, la divulgazione, la modifica o la distruzione non autorizzate dei Dati Personali.<\/p>\n<p><\/p>\n<p><\/p>\n<p>Il trattamento viene effettuato mediante strumenti informatici e\/o telematici, con modalit\u00e0 organizzative e con logiche strettamente correlate alle finalit\u00e0 indicate. Oltre al Titolare, in alcuni casi, potrebbero avere accesso ai Dati altri soggetti coinvolti nell\u2019organizzazione di questo Sito Web (personale amministrativo, commerciale, marketing, legali, amministratori di sistema) ovvero soggetti esterni (come fornitori di servizi tecnici terzi, corrieri postali, hosting provider, societ\u00e0 informatiche, agenzie di comunicazione) nominati anche, se necessario, Responsabili del Trattamento da parte del Titolare. L\u2019elenco aggiornato dei Responsabili potr\u00e0 sempre essere richiesto al Titolare del Trattamento.<\/p>\n<p><\/p>\n<p><\/p>\n<p>Base giuridica del trattamento<\/p>\n<p><\/p>\n<p><\/p>\n<p>Il Titolare tratta Dati Personali relativi all\u2019Utente in caso sussista una delle seguenti condizioni:<\/p>\n<p><\/p>\n<p><\/p>\n<p>l\u2019Utente ha prestato il consenso per una o pi\u00f9 finalit\u00e0 specifiche; Nota: in alcuni ordinamenti il Titolare pu\u00f2 essere autorizzato a trattare Dati Personali senza che debba sussistere il consenso dell\u2019Utente o un\u2019altra delle basi giuridiche specificate di seguito, fino a quando l\u2019Utente non si opponga (\u201copt-out\u201d) a tale trattamento. Ci\u00f2 non \u00e8 tuttavia applicabile qualora il trattamento di Dati Personali sia regolato dalla legislazione europea in materia di protezione dei Dati Personali;il trattamento \u00e8 necessario all\u2019esecuzione di un contratto con l\u2019Utente e\/o all\u2019esecuzione di misure precontrattuali;il trattamento \u00e8 necessario per adempiere un obbligo legale al quale \u00e8 soggetto il Titolare;il trattamento \u00e8 necessario per l\u2019esecuzione di un compito di interesse pubblico o per l\u2019esercizio di pubblici poteri di cui \u00e8 investito il Titolare;il trattamento \u00e8 necessario per il perseguimento del legittimo interesse del Titolare o di terzi.<\/p>\n<p><\/p>\n<p><\/p>\n<p>\u00c8 comunque sempre possibile richiedere al Titolare di chiarire la concreta base giuridica di ciascun trattamento ed in particolare di specificare se il trattamento sia basato sulla legge, previsto da un contratto o necessario per concludere un contratto.<\/p>\n<p><\/p>\n<p><\/p>\n<h3 class=\"wp-block-heading\"><strong>Luogo<\/strong><\/h3>\n<p><\/p>\n<p><\/p>\n<p>I Dati sono trattati presso le sedi operative del Titolare ed in ogni altro luogo in cui le parti coinvolte nel trattamento siano localizzate. Per ulteriori informazioni, contatta il Titolare.<\/p>\n<p><\/p>\n<p><\/p>\n<p>I Dati Personali dell\u2019Utente potrebbero essere trasferiti in un paese diverso da quello in cui l\u2019Utente si trova. Per ottenere ulteriori informazioni sul luogo del trattamento l\u2019Utente pu\u00f2 fare riferimento alla sezione relativa ai dettagli sul trattamento dei Dati Personali.<\/p>\n<p><\/p>\n<p><\/p>\n<p>L\u2019Utente ha diritto a ottenere informazioni in merito alla base giuridica del trasferimento di Dati al di fuori dell\u2019Unione Europea o ad un\u2019organizzazione internazionale di diritto internazionale pubblico o costituita da due o pi\u00f9 paesi, come ad esempio l\u2019ONU, nonch\u00e9 in merito alle misure di sicurezza adottate dal Titolare per proteggere i Dati.<\/p>\n<p><\/p>\n<p><\/p>\n<p>L\u2019Utente pu\u00f2 verificare se abbia luogo uno dei trasferimenti appena descritti esaminando la sezione di questo documento relativa ai dettagli sul trattamento di Dati Personali o chiedere informazioni al Titolare contattandolo agli estremi riportati in apertura.<\/p>\n<p><\/p>\n<p><\/p>\n<h3 class=\"wp-block-heading\"><strong>Periodo di conservazione<\/strong><\/h3>\n<p><\/p>\n<p><\/p>\n<p>I Dati sono trattati e conservati per il tempo richiesto dalle finalit\u00e0 per le quali sono stati raccolti.<\/p>\n<p><\/p>\n<p><\/p>\n<p>Pertanto:<\/p>\n<p><\/p>\n<p><\/p>\n<p>I Dati Personali raccolti per scopi collegati all\u2019esecuzione di un contratto tra il Titolare e l\u2019Utente saranno trattenuti sino a quando sia completata l\u2019esecuzione di tale contratto.I Dati Personali raccolti per finalit\u00e0 riconducibili all\u2019interesse legittimo del Titolare saranno trattenuti sino al soddisfacimento di tale interesse. L\u2019Utente pu\u00f2 ottenere ulteriori informazioni in merito all\u2019interesse legittimo perseguito dal Titolare nelle relative sezioni di questo documento o contattando il Titolare.<\/p>\n<p><\/p>\n<p><\/p>\n<p>Quando il trattamento \u00e8 basato sul consenso dell\u2019Utente, il Titolare pu\u00f2 conservare i Dati Personali pi\u00f9 a lungo sino a quando detto consenso non venga revocato. Inoltre, il Titolare potrebbe essere obbligato a conservare i Dati Personali per un periodo pi\u00f9 lungo in ottemperanza ad un obbligo di legge o per ordine di un\u2019autorit\u00e0.<\/p>\n<p><\/p>\n<p><\/p>\n<p>Al termine del periodo di conservazione i Dati Personali saranno cancellati. Pertanto, allo spirare di tale termine il diritto di accesso, cancellazione, rettificazione ed il diritto alla portabilit\u00e0 dei Dati non potranno pi\u00f9 essere esercitati.<\/p>\n<p><\/p>\n<p><\/p>\n<h3 class=\"wp-block-heading\"><strong>Finalit\u00e0 del trattamento dei dati raccolti<\/strong><\/h3>\n<p><\/p>\n<p><\/p>\n<p>I Dati dell\u2019Utente sono raccolti per consentire al Titolare di fornire il Servizio, adempiere agli obblighi di legge, rispondere a richieste o azioni esecutive, tutelare i propri diritti ed interessi (o quelli di Utenti o di terze parti), individuare eventuali attivit\u00e0 dolose o fraudolente, nonch\u00e9 per le seguenti finalit\u00e0: Collegamento Dati, Contattare l\u2019Utente, Gestione dei database di Utenti, Gestione dei tag, Gestione della produttivit\u00e0, Remarketing e behavioral targeting, Statistica, Gestione della raccolta dati e dei sondaggi online, Pubblicit\u00e0, Visualizzazione di contenuti da piattaforme esterne, Gestione contatti e invio di messaggi e Heat mapping e registrazione sessioni.<\/p>\n<p><\/p>\n<p><\/p>\n<p>Per ottenere informazioni dettagliate sulle finalit\u00e0 del trattamento e sui Dati Personali trattati per ciascuna finalit\u00e0, l\u2019Utente pu\u00f2 fare riferimento alla sezione \u201cDettagli sul trattamento dei Dati Personali\u201d.<\/p>\n<p><\/p>\n<p><\/p>\n<h3 class=\"wp-block-heading\"><strong>Dati Personali trattati per le seguenti finalit\u00e0 e utilizzando i seguenti servizi:<\/strong><\/h3>\n<p><\/p>\n<p><\/p>\n<p>Collegamento dati:<\/p>\n<p><\/p>\n<p><\/p>\n<p>Zapier<\/p>\n<p><\/p>\n<p><\/p>\n<p>Pabbly<\/p>\n<p><\/p>\n<p><\/p>\n<p>Dati Personali: cognome; email; nome; numero di telefono; professione<\/p>\n<p><\/p>\n<p><\/p>\n<p>Contattare l\u2019utente<\/p>\n<p><\/p>\n<p><\/p>\n<p>Modulo di contatto<\/p>\n<p><\/p>\n<p><\/p>\n<p>Dati Personali: cognome; email; nome; numero di telefono; professione<\/p>\n<p><\/p>\n<p><\/p>\n<p>Mailing list o newsletter<\/p>\n<p><\/p>\n<p><\/p>\n<p>Dati Personali: cognome; email; nome; numero di telefono<\/p>\n<p><\/p>\n<p><\/p>\n<p>Contatto via telefono<\/p>\n<p><\/p>\n<p><\/p>\n<p>Dati Personali: numero di telefono<\/p>\n<p><\/p>\n<p><\/p>\n<p>Gestione dei Tag<\/p>\n<p><\/p>\n<p><\/p>\n<p>\u2013 Google Tag Manager<\/p>\n<p><\/p>\n<p><\/p>\n<p>Dati Personali: Dati di utilizzo<\/p>\n<p><\/p>\n<p><\/p>\n<p>Gestione della produttivit\u00e0<\/p>\n<p><\/p>\n<p><\/p>\n<p>\u2013 Google Sheets<\/p>\n<p><\/p>\n<p><\/p>\n<p>Dati Personali: cognome; email; nome; numero di telefono; professione<\/p>\n<p><\/p>\n<p><\/p>\n<p>\u2013 Calendly<\/p>\n<p><\/p>\n<p><\/p>\n<p>Dati Personali: email; nome; numero di telefono<\/p>\n<p><\/p>\n<p><\/p>\n<p>Gestione della raccolta dati e dei sondaggi online<\/p>\n<p><\/p>\n<p><\/p>\n<p>\u2013 Inserzioni per acquisizione contatti di Facebook<\/p>\n<p><\/p>\n<p><\/p>\n<p>Dati Personali: strumenti di tracciamento<\/p>\n<p><\/p>\n<p><\/p>\n<p>Pubblicit\u00e0<\/p>\n<p><\/p>\n<p><\/p>\n<p>\u2013 Pubblico simile di Facebook<\/p>\n<p><\/p>\n<p><\/p>\n<p>Dati Personali: strumenti di tracciamento<\/p>\n<p><\/p>\n<p><\/p>\n<p>Heat mapping e registrazione sessioni<\/p>\n<p><\/p>\n<p><\/p>\n<p>\u2013 Hotjar Heat Maps &amp; Recordings<\/p>\n<p><\/p>\n<p><\/p>\n<p>Dati Personali: Dati di utilizzo; Strumenti di Tracciamento; varie tipologie di Dati secondo quanto specificato dalla privacy policy del servizio<\/p>\n<p><\/p>\n<p><\/p>\n<p>Heat mapping e registrazione sessioni<\/p>\n<p><\/p>\n<p><\/p>\n<p>\u2013 Hotjar Heat Maps &amp; Recordings<\/p>\n<p><\/p>\n<p><\/p>\n<p>Dati Personali: Dati di utilizzo; Strumenti di Tracciamento; varie tipologie di Dati secondo quanto specificato dalla privacy policy del servizio<\/p>\n<p><\/p>\n<p><\/p>\n<p>Remarketing e behavioral targeting<\/p>\n<p><\/p>\n<p><\/p>\n<p>\u2013 Facebook Remarketing<\/p>\n<p><\/p>\n<p><\/p>\n<p>Dati Personali: Dati di utilizzo; Strumenti di Tracciamento<\/p>\n<p><\/p>\n<p><\/p>\n<p>\u2013 Pubblico personalizzato di Facebook<\/p>\n<p><\/p>\n<p><\/p>\n<p>Dati Personali: email; Strumenti di Tracciamento<\/p>\n<p><\/p>\n<p><\/p>\n<p>Visualizzazione di contenuti da piattaforme esterne<\/p>\n<p><\/p>\n<p><\/p>\n<p>\u2013 Widget Calendly<\/p>\n<p><\/p>\n<p><\/p>\n<p>Dati Personali: email; nome; numero di telefono; Voci di calendario<\/p>\n<p><\/p>\n<p><\/p>\n<p>\u2013 Google Fonts<\/p>\n<p><\/p>\n<p><\/p>\n<p>Dati Personali: Dati di utilizzo; Strumenti di Tracciamento<\/p>\n<p><\/p>\n<p><\/p>\n<p>Statistica<\/p>\n<p><\/p>\n<p><\/p>\n<p>\u2013 Google Analytics 4<\/p>\n<p><\/p>\n<p><\/p>\n<p>Dati Personali: Strumenti di Tracciamento<\/p>\n<p><\/p>\n<p><\/p>\n<p>\u2013 Hotjar Form Analysis &amp; Conversion Funnels, Monitoraggio conversioni di Facebook Ads (pixel di Facebook), Meta Events Manager, Monitoraggio conversioni di Google Ads e Google Analytics<\/p>\n<p><\/p>\n<p><\/p>\n<p>Dati Personali: Dati di utilizzo; Strumenti di Tracciamento<\/p>\n<p><\/p>\n<p><\/p>\n<h3 class=\"wp-block-heading\"><strong>Informazioni su come disattivare gli annunci pubblicitari basati sugli interessi<\/strong><\/h3>\n<p><\/p>\n<p><\/p>\n<p>Oltre a qualsiasi funzione di opt-out fornita da uno qualsiasi dei servizi elencati in questo documento, gli Utenti possono leggere di pi\u00f9 su come disattivare gli annunci pubblicitari basati sugli interessi nell\u2019apposita sezione della Cookie Policy.<\/p>\n<p><\/p>\n<p><\/p>\n<h3 class=\"wp-block-heading\"><strong>Titolare del Trattamento dei Dati<\/strong><\/h3>\n<p>EDILCARBONI SOCIETA&#8217; A RESPONSABILITA&#8217; LIMITATA SEMPLIFICATA \u2013 P.IVA: 03588460984<\/p>\n<p>VIA SAN PIETRO 59 &#8211; 25077 &#8211; ROE&#8217; VOLCIANO (BS) \u2013&nbsp;<\/p>\n<p><span style=\"color: var( --e-global-color-text ); font-family: var( --e-global-typography-text-font-family ), Sans-serif; font-weight: var( --e-global-typography-text-font-weight ); font-size: 1rem;\">&#8211; Italia &#8211;<\/span><\/p>\n<p><\/p>\n<p><\/p>\n<h3 class=\"wp-block-heading\">EMAIL &amp; PHONE<\/h3>\n<p><\/p>\n<p><\/p>\n<p>Indirizzo email del Titolare: carbonipietrosrl@legalmail.it<\/p>\n<p>Telefono: <a href=\"https:\/\/www.google.com\/search?q=edil+carboni+roe+volciano&amp;oq=&amp;gs_lcrp=EgZjaHJvbWUqBggCEEUYOzIMCAAQIxgnGIAEGIoFMhUIARAuGEMYrwEYxwEYgAQYigUYjgUyBggCEEUYOzIGCAMQRRg5MgoIBBAAGLEDGIAEMgYIBRBFGEEyBggGEEUYQTIGCAcQRRg90gEINDQ5OGowajmoAgCwAgE&amp;sourceid=chrome&amp;ie=UTF-8#\" data-dtype=\"d3ph\" data-local-attribute=\"d3ph\" data-ved=\"2ahUKEwjygIqks_KKAxWM1QIHHadVNPUQkAgoAHoECDcQAw\" target=\"_blank\" rel=\"noopener\"><span aria-label=\"Chiama il numero di telefono 388 169 5414\">388 169 5414<\/span><\/a><\/p>\t\t\t\t\t\t\t\t<\/div>\n\t\t\t\t<div class=\"elementor-element elementor-element-69878e5 elementor-align-left elementor-widget elementor-widget-button\" data-id=\"69878e5\" data-element_type=\"widget\" data-e-type=\"widget\" data-widget_type=\"button.default\">\n\t\t\t\t\t\t\t\t\t\t<a class=\"elementor-button elementor-button-link elementor-size-md\" href=\"https:\/\/www.ristrutturazionicarbonibrescia.it\/\">\n\t\t\t\t\t\t<span class=\"elementor-button-content-wrapper\">\n\t\t\t\t\t\t\t\t\t<span class=\"elementor-button-text\">TORNA AL SITO<\/span>\n\t\t\t\t\t<\/span>\n\t\t\t\t\t<\/a>\n\t\t\t\t\t\t\t\t<\/div>\n\t\t\t\t\t<\/div>\n\t\t<\/div>\n\t\t\t\t\t<\/div>\n\t\t<\/section>\n\t\t<div class=\"elementor-element elementor-element-47f5c66 e-flex e-con-boxed e-con e-parent\" data-id=\"47f5c66\" data-element_type=\"container\" data-e-type=\"container\">\n\t\t\t\t\t<div class=\"e-con-inner\">\n\t\t\t\t<div class=\"elementor-element elementor-element-6e900a4 elementor-fixed elementor-view-default elementor-widget elementor-widget-icon\" data-id=\"6e900a4\" data-element_type=\"widget\" data-e-type=\"widget\" data-settings=\"{&quot;_position&quot;:&quot;fixed&quot;}\" data-widget_type=\"icon.default\">\n\t\t\t\t\t\t\t<div class=\"elementor-icon-wrapper\">\n\t\t\t<a class=\"elementor-icon\" href=\"#sopra\">\n\t\t\t<svg aria-hidden=\"true\" class=\"e-font-icon-svg e-fas-arrow-circle-up\" viewBox=\"0 0 512 512\" xmlns=\"http:\/\/www.w3.org\/2000\/svg\"><path d=\"M8 256C8 119 119 8 256 8s248 111 248 248-111 248-248 248S8 393 8 256zm143.6 28.9l72.4-75.5V392c0 13.3 10.7 24 24 24h16c13.3 0 24-10.7 24-24V209.4l72.4 75.5c9.3 9.7 24.8 9.9 34.3.4l10.9-11c9.4-9.4 9.4-24.6 0-33.9L273 107.7c-9.4-9.4-24.6-9.4-33.9 0L106.3 240.4c-9.4 9.4-9.4 24.6 0 33.9l10.9 11c9.6 9.5 25.1 9.3 34.4-.4z\"><\/path><\/svg>\t\t\t<\/a>\n\t\t<\/div>\n\t\t\t\t\t\t<\/div>\n\t\t\t\t\t<\/div>\n\t\t\t\t<\/div>\n\t\t\t\t<\/div>\n\t\t","protected":false},"excerpt":{"rendered":"<p>TORNA AL SITO Privacy Policy Questo Sito Web raccoglie alcuni Dati Personali dei propri Utenti. Il presente sito web \u00e8 stato realizzato per il terapista in oggetto ed il materiale pubblicato \u00e8 stato confermato prima della messa online dell\u2019opera. Tipologie di Dati raccolti Fra i Dati Personali raccolti da questo Sito Web, in modo autonomo [&hellip;]<\/p>\n","protected":false},"author":1,"featured_media":0,"parent":0,"menu_order":0,"comment_status":"closed","ping_status":"open","template":"","meta":{"footnotes":""},"class_list":["post-3","page","type-page","status-publish","hentry"],"_links":{"self":[{"href":"https:\/\/www.ristrutturazionicarbonibrescia.it\/index.php?rest_route=\/wp\/v2\/pages\/3","targetHints":{"allow":["GET"]}}],"collection":[{"href":"https:\/\/www.ristrutturazionicarbonibrescia.it\/index.php?rest_route=\/wp\/v2\/pages"}],"about":[{"href":"https:\/\/www.ristrutturazionicarbonibrescia.it\/index.php?rest_route=\/wp\/v2\/types\/page"}],"author":[{"embeddable":true,"href":"https:\/\/www.ristrutturazionicarbonibrescia.it\/index.php?rest_route=\/wp\/v2\/users\/1"}],"replies":[{"embeddable":true,"href":"https:\/\/www.ristrutturazionicarbonibrescia.it\/index.php?rest_route=%2Fwp%2Fv2%2Fcomments&post=3"}],"version-history":[{"count":15,"href":"https:\/\/www.ristrutturazionicarbonibrescia.it\/index.php?rest_route=\/wp\/v2\/pages\/3\/revisions"}],"predecessor-version":[{"id":2833,"href":"https:\/\/www.ristrutturazionicarbonibrescia.it\/index.php?rest_route=\/wp\/v2\/pages\/3\/revisions\/2833"}],"wp:attachment":[{"href":"https:\/\/www.ristrutturazionicarbonibrescia.it\/index.php?rest_route=%2Fwp%2Fv2%2Fmedia&parent=3"}],"curies":[{"name":"wp","href":"https:\/\/api.w.org\/{rel}","templated":true}]}}